{"id":13705,"date":"2018-05-14T09:48:38","date_gmt":"2018-05-14T09:48:38","guid":{"rendered":"https:\/\/dev.imqprevencion.es\/?page_id=13705"},"modified":"2022-08-30T11:06:18","modified_gmt":"2022-08-30T11:06:18","slug":"pribatutasun-politika","status":"publish","type":"page","link":"https:\/\/imqprevencion.es\/eu\/pribatutasun-politika\/","title":{"rendered":"Pribatutasun Politika"},"content":{"rendered":"<p>[vc_row][vc_column grve_css=&#8221;{&#8220;desktop&#8220;:{&#8220;padding-right&#8220;:&#8220;20%&#8220;,&#8220;class&#8220;:&#8220;grve-wpb-1653308173914&#8220;},&#8220;mobile_landscape&#8220;:{&#8220;padding-right&#8220;:&#8220;0&#8220;}}&#8221;]<h3 class=\"grve-element grve-title grve-align-inherit grve-h3 page__title\" style=\"margin-bottom: 56px;\"><span>Pribatutasun Politika<\/span><\/h3><h3 class=\"grve-element grve-title grve-align-inherit grve-h3\"><span>1. Webgunearen arduradunaren identifikazioa<\/span><\/h3>[vc_column_text css=&#8221;.vc_custom_1661857191981{padding-top: 24px !important;}&#8221;]Informazio Gizartearen eta Merkataritza Elektronikoaren Zerbitzuei buruzko uztailaren 11ko 34\/2002 Legean ezarritakoaren xedeetarako, agiri honek webgune honen erabilera eta nabigazioa arautzen duen Pribatutasun eta Erabilera Politika osatzen du. Webgunearen titularra\u00a0IGUALATORIO M\u00c9DICO QUIR\u00daRGICO PREVENCI\u00d3N, SLU (IMQP,IFK: B95431367) da. Erabiltzailea dpd@imqprevencion.es posta elektronikoaren bidez jar daiteke harremanetan IMQPrekin, edo Torrelarragoiti Industrialdea, 2F Lurzatia, 7, 48170, ZAMUDIO, 48170 PK helbidera idatz dezake eta dagokion erantzuna jasoko du.<\/p>\n<p>Webgunearen titularrak datu-babesaren arloan indarrean dagoen araudia betetzen duela jakinarazten die Erabiltzaileei.<\/p>\n<p>Indarreko araudian xedatutakoaren arabera, webgune honen titularrak bere jardueragatik dagozkion zerbitzuak edo indarreko legedian baimenduta dauden prestazio, zerbitzu eta jarduerak eskaintzeko behar-beharrezkoak diren datuak baino ez ditu jasoko.<\/p>\n<p>Datuak babesteko politika honek aldaketak jasan ditzake etorkizunean, baldin eta legedia, jurisprudentzia edo Datuak Babesteko Espainiako Agentziaren edota eskumena duen agintaritzaren irizpideak aldatzen badira. Hori dela eta, webgune honen titularrak beretzat gordeko du testu hau aldatzeko eskubidea, testua webguneetara sartzeko unean indarrean dauden lege- edo jurisprudentzia-berritasunetara edo sektoreko praktiketara egokitzearren.<\/p>\n<p>Aurreko kasuetan, webgune honen titularrak web-orri honetan iragarriko ditu egindako aldaketak, praktikan jarri aurretik, behar besteko aurrerapenarekin.[\/vc_column_text][\/vc_column][\/vc_row][vc_row][vc_column grve_css=&#8221;{&#8220;desktop&#8220;:{&#8220;padding-right&#8220;:&#8220;20%&#8220;,&#8220;class&#8220;:&#8220;grve-wpb-1653308178556&#8220;},&#8220;mobile_landscape&#8220;:{&#8220;padding-right&#8220;:&#8220;0&#8220;}}&#8221;]<h3 class=\"grve-element grve-title grve-align-inherit grve-h3\"><span>2. Konfidentzialtasuna<\/span><\/h3>[vc_column_text css=&#8221;.vc_custom_1661857275326{padding-top: 24px !important;}&#8221;]Posta elektroniko bidez edo inprimaki elektronikoen bitartez emandako datu guztiak datu pertsonalak babesteko indarrean dagoen araudiaren arabera tratatuko dira. Nolanahi ere, isilpeko izaera izango dute informazio hori kudeatzen duten webgune honen titularraren langileentzat.[\/vc_column_text][\/vc_column][\/vc_row][vc_row][vc_column grve_css=&#8221;{&#8220;desktop&#8220;:{&#8220;padding-right&#8220;:&#8220;20%&#8220;,&#8220;class&#8220;:&#8220;grve-wpb-1653308182741&#8220;},&#8220;mobile_landscape&#8220;:{&#8220;padding-right&#8220;:&#8220;0&#8220;}}&#8221;]<h3 class=\"grve-element grve-title grve-align-inherit grve-h3\"><span>3. Datuak uzteko borondateari eta haren ondorioei buruzko informazioa<\/span><\/h3>[vc_column_text css=&#8221;.vc_custom_1661857326897{padding-top: 24px !important;}&#8221;]<strong>3.1. Borondatea<\/strong><br \/>\nWebgune honen Erabiltzaileei jakinarazten zaie datuak jasotzeko inprimakietako galderei emandako erantzunak BORONDATEZKOAK direla. Dena den, eskatutako datuak emateari uko egiten bazaio, ezin izango dira eskuratu gure zerbitzuak.<\/p>\n<p><strong>3.2. Ondorioa<\/strong><br \/>\nWebgune honen titularrak eskainitako zerbitzuei buruzko webguneetan dauden inprimakien inplementazioaren bitartez emandako datuak tratatu eta datu pertsonalen fitxategi batean sartzeko baimena ematen dute Erabiltzaileek. Webgune honen titularraren ardura da fitxategi hori, eta Erabiltzaileak agiri honen hasieran emandako helbidean gauzatu ditzake dagozkion eskubideak.[\/vc_column_text][\/vc_column][\/vc_row][vc_row][vc_column grve_css=&#8221;{&#8220;desktop&#8220;:{&#8220;padding-right&#8220;:&#8220;20%&#8220;,&#8220;class&#8220;:&#8220;grve-wpb-1653308187398&#8220;},&#8220;mobile_landscape&#8220;:{&#8220;padding-right&#8220;:&#8220;0&#8220;}}&#8221;]<h3 class=\"grve-element grve-title grve-align-inherit grve-h3\"><span>4. Erabiltzaileek beren datu pertsonalak eskuratu, zuzendu, baliogabetu, mugatu, eraman eta horien aurka agertzeko eskubideei buruzko informazioa<\/span><\/h3>[vc_column_text css=&#8221;.vc_custom_1661857356134{padding-top: 24px !important;}&#8221;]Aurreko puntuan idatzitako moduan bildutako datuen gainean, datuak babesteko araudian adierazitako eskubideak gauzatu ahalko dituzte Erabiltzaileek. Aurreko paragrafoan aipatutako eskubideak gauzatzeko, Erabiltzaileek eskaria igorri beharko dute, idatziz eta sinatuta, eta NANaren edo Pasaportearen fotokopia atxikita, agiri honen goiburuan adierazitako helbidera.<\/p>\n<p>Era berean, Erabiltzaile batek ez badu informazio profesionalik jaso nahi ez posta elektronikoz ez beste edozein bidetatik, hori jakinarazi ahalko du edozein bidetatik, baldin eta jasota gelditzen bada webgune honen titularrak eskaria aipaturiko helbidean jaso duela.[\/vc_column_text][\/vc_column][\/vc_row][vc_row][vc_column grve_css=&#8221;{&#8220;desktop&#8220;:{&#8220;padding-right&#8220;:&#8220;20%&#8220;,&#8220;class&#8220;:&#8220;grve-wpb-1653308192610&#8220;},&#8220;mobile_landscape&#8220;:{&#8220;padding-right&#8220;:&#8220;0&#8220;}}&#8221;]<h3 class=\"grve-element grve-title grve-align-inherit grve-h3\"><span>5. Gordetzen diren datuei buruzko informazioa: zenbat denboraz eta zertarako gordetzen diren<\/span><\/h3>[vc_column_text css=&#8221;.vc_custom_1661857478090{padding-top: 24px !important;}&#8221;]<strong>5.1. Gordetzen diren datuak<br \/>\n<\/strong>Webgunean dauden inprimakietan bildutako datuak baino ez. Egiten dizkiguten kontsultei edo galderei erantzuten lagunduko digun informazioa bakarrik bitzen da. Informazio hori webgune honen titularrak jasotzen du eta inoiz ez zaie saltzen, lagatzen edo alokatzen beste enpresa batzuei.<\/p>\n<p>Webgune honen titularra da datu pertsonalen fitxategi horien arduraduna. Fitxategiak webgune honen titularrak sortu ditu beretzat, Erabiltzaileekin duen harremana kudeatzeko eta mantentzeko, erakundearen produktuak merkaturatzeko eta horiei buruzko informazioa emateko, eta sustapen- eta publizitate-jarduerak egiteko.<\/p>\n<p><strong>5.2. Zenbat denboran zehar<\/strong><br \/>\nHasiera batean, harremana betetzeko behar-beharrezkoa den denboran zehar baino ez dira gordeko datu pertsonalak. Legezko obligazio edo arau batek hala xedatzen duenean baino ez dira gordeko denbora gehiagoz. Hala dagokionean, erakundearen prozedura seguruei jarraituz ezabatuko dira datu pertsonalak, arlo honetan eska daitezkeen bermeekin.<\/p>\n<p><strong>5.3. Zer xederekin<br \/>\n<\/strong>Era berean, jakinarazten dizugu datu-baseetako informazioa Erabiltzaileak identifikatzeko eta erregistratuta dauden Erabiltzaileen azterketa estatistikoak egiteko erabil daitekeela.<\/p>\n<p>Datu-bilketako prozesuan, eta datuak eskatzen diren guztietan, datu-bilketa derrigorrezkoa ala borondatezkoa den jakinaraziko zaie Erabiltzaileei; eta ondorioztatu ezin den kasuetan, webguneetan eskainitako eduki batzuk (eduki profesionalak, arau-dibulgazioak, txatak, foroak, etab.) Erabiltzaileen esku jartzeko haien ezarpena beharrezkoa dela eta legez ezarritako gainerako baldintzak ere jakinaraziko zaizkie.[\/vc_column_text][\/vc_column][\/vc_row][vc_row][vc_column grve_css=&#8221;{&#8220;desktop&#8220;:{&#8220;padding-right&#8220;:&#8220;20%&#8220;,&#8220;class&#8220;:&#8220;grve-wpb-1653308197785&#8220;},&#8220;mobile_landscape&#8220;:{&#8220;padding-right&#8220;:&#8220;0&#8220;}}&#8221;]<h3 class=\"grve-element grve-title grve-align-inherit grve-h3\"><span>6. Erabiltzailearen konpromisoa<\/span><\/h3>[vc_column_text css=&#8221;.vc_custom_1661857511082{padding-top: 24px !important;}&#8221;]Datuak eskuratzeko orri batean edo batzuetan datuak sartzeak pribatutasun politika, erabilera-baldintza hauek, Lege Oharra eta cookien erabilera (halakorik balego) onestea dakar. Horrenbestez, lege-oharren eta erabilera-baldintzen gaineko informazioa jaso duzula ulertuko da; halaber, webgune honetan parte hartzen eta nabigatzen duzun bitartean baldintza horiek guztiak betetzeko konpromisoa hartzen duzula ulertuko da.[\/vc_column_text][\/vc_column][\/vc_row][vc_row][vc_column grve_css=&#8221;{&#8220;desktop&#8220;:{&#8220;padding-right&#8220;:&#8220;20%&#8220;,&#8220;class&#8220;:&#8220;grve-wpb-1653308203423&#8220;},&#8220;mobile_landscape&#8220;:{&#8220;padding-right&#8220;:&#8220;0&#8220;}}&#8221;]<h3 class=\"grve-element grve-title grve-align-inherit grve-h3\"><span>7. Erabiltzailearen berariazko baimenik gabe formazioaren sektorekoak ez diren hirugarrenei datuak ez transmititzea<\/span><\/h3>[vc_column_text css=&#8221;.vc_custom_1661857539931{padding-top: 24px !important;}&#8221;]Era berean, Erabiltzaileari bere datuak hirugarrenei emateko aukerari buruzko informazioa eman zaionean eta hark baimena eman duenean edo legezko salbuespenak daudenean izan ezik, webgune honen titularrak ez du webgune hauetako erabiltzaileen datu pertsonalik saldu, alokatu edo lagako.[\/vc_column_text][\/vc_column][\/vc_row][vc_row][vc_column grve_css=&#8221;{&#8220;desktop&#8220;:{&#8220;padding-right&#8220;:&#8220;20%&#8220;,&#8220;class&#8220;:&#8220;grve-wpb-1653308209253&#8220;},&#8220;mobile_landscape&#8220;:{&#8220;padding-right&#8220;:&#8220;0&#8220;}}&#8221;]<h3 class=\"grve-element grve-title grve-align-inherit grve-h3\"><span>8. Informazio profesionala banatzeko zerrendetan baja ematea<\/span><\/h3>[vc_column_text css=&#8221;.vc_custom_1661857563393{padding-top: 24px !important;}&#8221;]Noizean behin, webgune honen titularrak mezu elektronikoa bidaliko du, webgune honen titularraren webguneetan egindako hobekuntzak edo haietan dauden berritasunak jakinarazteko. Erabiltzaileak noiznahi eman dezake baja, mezu elektronikoa bidalita agiri honen goiburuan adierazitako helbide elektronikora.[\/vc_column_text][\/vc_column][\/vc_row]<\/p>\n","protected":false},"excerpt":{"rendered":"<p>[vc_row][vc_column grve_css=&#8221;{&#8220;desktop&#8220;:{&#8220;padding-right&#8220;:&#8220;20%&#8220;,&#8220;class&#8220;:&#8220;grve-wpb-1653308173914&#8220;},&#8220;mobile_landscape&#8220;:{&#8220;padding-right&#8220;:&#8220;0&#8220;}}&#8221;][vc_column_text css=&#8221;.vc_custom_1661857191981{padding-top: 24px !important;}&#8221;]Informazio Gizartearen eta Merkataritza Elektronikoaren Zerbitzuei buruzko uztailaren 11ko 34\/2002 Legean ezarritakoaren xedeetarako, agiri honek webgune honen erabilera eta nabigazioa arautzen duen Pribatutasun eta Erabilera Politika [&hellip;]<\/p>\n","protected":false},"author":2,"featured_media":0,"parent":0,"menu_order":0,"comment_status":"closed","ping_status":"closed","template":"","meta":{"_price":"","_stock":"","_tribe_ticket_header":"","_tribe_default_ticket_provider":"","_tribe_ticket_capacity":"0","_ticket_start_date":"","_ticket_end_date":"","_tribe_ticket_show_description":"","_tribe_ticket_show_not_going":false,"_tribe_ticket_use_global_stock":"","_tribe_ticket_global_stock_level":"","_global_stock_mode":"","_global_stock_cap":"","_tribe_rsvp_for_event":"","_tribe_ticket_going_count":"","_tribe_ticket_not_going_count":"","_tribe_tickets_list":[],"_tribe_ticket_has_attendee_info_fields":false,"footnotes":""},"class_list":["post-13705","page","type-page","status-publish","hentry","grve-entry-item"],"acf":[],"yoast_head":"<!-- This site is optimized with the Yoast SEO plugin v20.4 - https:\/\/yoast.com\/wordpress\/plugins\/seo\/ -->\n<title>Pribatutasun Politika - IMQ Prevenci\u00f3n<\/title>\n<meta name=\"description\" content=\"Gure pribatasun politika\" \/>\n<meta name=\"robots\" content=\"index, follow, max-snippet:-1, max-image-preview:large, max-video-preview:-1\" \/>\n<link rel=\"canonical\" href=\"https:\/\/imqprevencion.es\/eu\/pribatutasun-politika\/\" \/>\n<meta property=\"og:locale\" content=\"eu_ES\" \/>\n<meta property=\"og:type\" content=\"article\" \/>\n<meta property=\"og:title\" content=\"Pribatutasun Politika - IMQ Prevenci\u00f3n\" \/>\n<meta property=\"og:description\" content=\"Gure pribatasun politika\" \/>\n<meta property=\"og:url\" content=\"https:\/\/imqprevencion.es\/eu\/pribatutasun-politika\/\" \/>\n<meta property=\"og:site_name\" content=\"IMQ Prevenci\u00f3n\" \/>\n<meta property=\"article:modified_time\" content=\"2022-08-30T11:06:18+00:00\" \/>\n<meta property=\"og:image\" content=\"https:\/\/imqprevencion.es\/wp-content\/uploads\/2022\/05\/remi-walle-UOwvwZ9Dy6w-unsplash-scaled.jpg\" \/>\n\t<meta property=\"og:image:width\" content=\"2560\" \/>\n\t<meta property=\"og:image:height\" content=\"1696\" \/>\n\t<meta property=\"og:image:type\" content=\"image\/jpeg\" \/>\n<meta name=\"twitter:card\" content=\"summary_large_image\" \/>\n<meta name=\"twitter:label1\" content=\"Est. reading time\" \/>\n\t<meta name=\"twitter:data1\" content=\"4 minutes\" \/>\n<script type=\"application\/ld+json\" class=\"yoast-schema-graph\">{\"@context\":\"https:\/\/schema.org\",\"@graph\":[{\"@type\":\"WebPage\",\"@id\":\"https:\/\/imqprevencion.es\/eu\/pribatutasun-politika\/\",\"url\":\"https:\/\/imqprevencion.es\/eu\/pribatutasun-politika\/\",\"name\":\"Pribatutasun Politika - IMQ Prevenci\u00f3n\",\"isPartOf\":{\"@id\":\"https:\/\/imqprevencion.es\/eu\/#website\"},\"datePublished\":\"2018-05-14T09:48:38+00:00\",\"dateModified\":\"2022-08-30T11:06:18+00:00\",\"description\":\"Gure pribatasun politika\",\"breadcrumb\":{\"@id\":\"https:\/\/imqprevencion.es\/eu\/pribatutasun-politika\/#breadcrumb\"},\"inLanguage\":\"eu-ES\",\"potentialAction\":[{\"@type\":\"ReadAction\",\"target\":[\"https:\/\/imqprevencion.es\/eu\/pribatutasun-politika\/\"]}]},{\"@type\":\"BreadcrumbList\",\"@id\":\"https:\/\/imqprevencion.es\/eu\/pribatutasun-politika\/#breadcrumb\",\"itemListElement\":[{\"@type\":\"ListItem\",\"position\":1,\"name\":\"Hasiera\",\"item\":\"https:\/\/imqprevencion.es\/eu\/\"},{\"@type\":\"ListItem\",\"position\":2,\"name\":\"Pribatutasun Politika\"}]},{\"@type\":\"WebSite\",\"@id\":\"https:\/\/imqprevencion.es\/eu\/#website\",\"url\":\"https:\/\/imqprevencion.es\/eu\/\",\"name\":\"IMQ Prevenci\u00f3n\",\"description\":\"Servicio de Prevenci\u00f3n de Riesgos Laborales\",\"publisher\":{\"@id\":\"https:\/\/imqprevencion.es\/eu\/#organization\"},\"potentialAction\":[{\"@type\":\"SearchAction\",\"target\":{\"@type\":\"EntryPoint\",\"urlTemplate\":\"https:\/\/imqprevencion.es\/eu\/?s={search_term_string}\"},\"query-input\":\"required name=search_term_string\"}],\"inLanguage\":\"eu-ES\"},{\"@type\":\"Organization\",\"@id\":\"https:\/\/imqprevencion.es\/eu\/#organization\",\"name\":\"IMQ Prevenci\u00f3n\",\"url\":\"https:\/\/imqprevencion.es\/eu\/\",\"logo\":{\"@type\":\"ImageObject\",\"inLanguage\":\"eu-ES\",\"@id\":\"https:\/\/imqprevencion.es\/eu\/#\/schema\/logo\/image\/\",\"url\":\"https:\/\/imqprevencion.es\/wp-content\/uploads\/2022\/05\/IMQ-Blue.svg\",\"contentUrl\":\"https:\/\/imqprevencion.es\/wp-content\/uploads\/2022\/05\/IMQ-Blue.svg\",\"width\":265,\"height\":32,\"caption\":\"IMQ Prevenci\u00f3n\"},\"image\":{\"@id\":\"https:\/\/imqprevencion.es\/eu\/#\/schema\/logo\/image\/\"}}]}<\/script>\n<!-- \/ Yoast SEO plugin. -->","yoast_head_json":{"title":"Pribatutasun Politika - IMQ Prevenci\u00f3n","description":"Gure pribatasun politika","robots":{"index":"index","follow":"follow","max-snippet":"max-snippet:-1","max-image-preview":"max-image-preview:large","max-video-preview":"max-video-preview:-1"},"canonical":"https:\/\/imqprevencion.es\/eu\/pribatutasun-politika\/","og_locale":"eu_ES","og_type":"article","og_title":"Pribatutasun Politika - IMQ Prevenci\u00f3n","og_description":"Gure pribatasun politika","og_url":"https:\/\/imqprevencion.es\/eu\/pribatutasun-politika\/","og_site_name":"IMQ Prevenci\u00f3n","article_modified_time":"2022-08-30T11:06:18+00:00","og_image":[{"width":2560,"height":1696,"url":"https:\/\/imqprevencion.es\/wp-content\/uploads\/2022\/05\/remi-walle-UOwvwZ9Dy6w-unsplash-scaled.jpg","type":"image\/jpeg"}],"twitter_card":"summary_large_image","twitter_misc":{"Est. reading time":"4 minutes"},"schema":{"@context":"https:\/\/schema.org","@graph":[{"@type":"WebPage","@id":"https:\/\/imqprevencion.es\/eu\/pribatutasun-politika\/","url":"https:\/\/imqprevencion.es\/eu\/pribatutasun-politika\/","name":"Pribatutasun Politika - IMQ Prevenci\u00f3n","isPartOf":{"@id":"https:\/\/imqprevencion.es\/eu\/#website"},"datePublished":"2018-05-14T09:48:38+00:00","dateModified":"2022-08-30T11:06:18+00:00","description":"Gure pribatasun politika","breadcrumb":{"@id":"https:\/\/imqprevencion.es\/eu\/pribatutasun-politika\/#breadcrumb"},"inLanguage":"eu-ES","potentialAction":[{"@type":"ReadAction","target":["https:\/\/imqprevencion.es\/eu\/pribatutasun-politika\/"]}]},{"@type":"BreadcrumbList","@id":"https:\/\/imqprevencion.es\/eu\/pribatutasun-politika\/#breadcrumb","itemListElement":[{"@type":"ListItem","position":1,"name":"Hasiera","item":"https:\/\/imqprevencion.es\/eu\/"},{"@type":"ListItem","position":2,"name":"Pribatutasun Politika"}]},{"@type":"WebSite","@id":"https:\/\/imqprevencion.es\/eu\/#website","url":"https:\/\/imqprevencion.es\/eu\/","name":"IMQ Prevenci\u00f3n","description":"Servicio de Prevenci\u00f3n de Riesgos Laborales","publisher":{"@id":"https:\/\/imqprevencion.es\/eu\/#organization"},"potentialAction":[{"@type":"SearchAction","target":{"@type":"EntryPoint","urlTemplate":"https:\/\/imqprevencion.es\/eu\/?s={search_term_string}"},"query-input":"required name=search_term_string"}],"inLanguage":"eu-ES"},{"@type":"Organization","@id":"https:\/\/imqprevencion.es\/eu\/#organization","name":"IMQ Prevenci\u00f3n","url":"https:\/\/imqprevencion.es\/eu\/","logo":{"@type":"ImageObject","inLanguage":"eu-ES","@id":"https:\/\/imqprevencion.es\/eu\/#\/schema\/logo\/image\/","url":"https:\/\/imqprevencion.es\/wp-content\/uploads\/2022\/05\/IMQ-Blue.svg","contentUrl":"https:\/\/imqprevencion.es\/wp-content\/uploads\/2022\/05\/IMQ-Blue.svg","width":265,"height":32,"caption":"IMQ Prevenci\u00f3n"},"image":{"@id":"https:\/\/imqprevencion.es\/eu\/#\/schema\/logo\/image\/"}}]}},"_links":{"self":[{"href":"https:\/\/imqprevencion.es\/eu\/wp-json\/wp\/v2\/pages\/13705","targetHints":{"allow":["GET"]}}],"collection":[{"href":"https:\/\/imqprevencion.es\/eu\/wp-json\/wp\/v2\/pages"}],"about":[{"href":"https:\/\/imqprevencion.es\/eu\/wp-json\/wp\/v2\/types\/page"}],"author":[{"embeddable":true,"href":"https:\/\/imqprevencion.es\/eu\/wp-json\/wp\/v2\/users\/2"}],"replies":[{"embeddable":true,"href":"https:\/\/imqprevencion.es\/eu\/wp-json\/wp\/v2\/comments?post=13705"}],"version-history":[{"count":3,"href":"https:\/\/imqprevencion.es\/eu\/wp-json\/wp\/v2\/pages\/13705\/revisions"}],"predecessor-version":[{"id":13712,"href":"https:\/\/imqprevencion.es\/eu\/wp-json\/wp\/v2\/pages\/13705\/revisions\/13712"}],"wp:attachment":[{"href":"https:\/\/imqprevencion.es\/eu\/wp-json\/wp\/v2\/media?parent=13705"}],"curies":[{"name":"wp","href":"https:\/\/api.w.org\/{rel}","templated":true}]}}